{"id":3188,"date":"2021-03-19T15:40:27","date_gmt":"2021-03-19T14:40:27","guid":{"rendered":"https:\/\/www.differences-solidaires.ch\/?page_id=3188"},"modified":"2022-03-09T22:31:06","modified_gmt":"2022-03-09T21:31:06","slug":"der-verein","status":"publish","type":"page","link":"https:\/\/www.differences-solidaires.ch\/de\/der-verein\/","title":{"rendered":"Der Verein"},"content":{"rendered":"<p><span style=\"color: #ff6600;\"><strong><span style=\"font-size: 18pt;\">Der Verein<\/span><\/strong><\/span><\/p>\n<p>Diff\u00e9rences Solidaires ist ein vom Kanton Freiburg als gemeinn\u00fctzig anerkannter Verein. Er wurde 2009 gegr\u00fcndet und unterst\u00fctzt Menschen mit Behinderungen bei der Organisation von Sommer- und Wintersportaktivit\u00e4ten im Freien.<\/p>\n<p>Die Vorstandsmitglieder setzen sich daf\u00fcr ein, dass Aktivit\u00e4ten wie Skifahren, Wandern, Offroad-Abfahrten&#8230; zug\u00e4nglich sind. Dank der Unterst\u00fctzung zahlreicher Sponsoren, Spender und Freiwilliger gew\u00e4hrleistet Diff\u00e9rences Solidaires j\u00e4hrlich \u00fcber 200 Tage mit sportlichen Aktivit\u00e4ten in der gesamten Romandie.<\/p>\n<p>Die Besonderheit des Vereins besteht darin, dass er auf Wanderschaft ist. So k\u00f6nnen wir auf die W\u00fcnsche und Bed\u00fcrfnisse unserer Beg\u00fcnstigten eingehen. Wir bewegen uns dorthin, wo sie es w\u00fcnschen, sofern die Zug\u00e4nglichkeit und der Ort eine anerkannte und sichere Aus\u00fcbung der Aktivit\u00e4ten erm\u00f6glichen.<\/p>\n<p>Um Familien und Institutionen, die dies w\u00fcnschen, zu unterst\u00fctzen, stellen wir Personen mit entsprechender Ausbildung spezifisches Material f\u00fcr diese Aktivit\u00e4ten im Freien zur Verf\u00fcgung (zu vorher festgelegten finanziellen Bedingungen).<\/p>\n<p>Wir arbeiten mit allen Organisationen zusammen, die Sportprojekte f\u00fcr Menschen mit Behinderungen entwickeln m\u00f6chten.<\/p>\n<p>Wir bieten verschiedene Arten von angepassten Leistungen an und pr\u00fcfen jede besondere Anfrage (Lager, ein- oder mehrt\u00e4gige Leistungen&#8230;).<\/p>\n<p>Alle Personen, die unsere Aktivit\u00e4ten betreuen, sind f\u00fcr den Behindertenbereich sensibilisiert. Sie verf\u00fcgen au\u00dferdem \u00fcber zus\u00e4tzliche Kompetenzen im Bereich angepasster Sportaktivit\u00e4ten (Dualski, Tandemski, Cimgo, GoToSki, Jo\u00ebletten&#8230;) oder werden von uns in den spezifischen Aktivit\u00e4ten unseres Vereins ausgebildet (Kletterwand, Seilbahn, H\u00f6llenturm&#8230;). Wir wenden uns entweder an Fachleute oder an Freiwillige, die bereit sind, sich zu engagieren, um ein wenig ihrer Zeit zu teilen.<\/p>\n<p>Alle unsere Angebote finden Sie auf der Seite Dokumentation dieser Website<\/p>\n<p>&nbsp;<\/p>\n","protected":false},"excerpt":{"rendered":"<p>Der Verein Diff\u00e9rences Solidaires ist ein vom Kanton Freiburg als gemeinn\u00fctzig anerkannter Verein. Er wurde 2009 gegr\u00fcndet und unterst\u00fctzt Menschen&hellip;<\/p>\n","protected":false},"author":20,"featured_media":7805,"parent":0,"menu_order":0,"comment_status":"closed","ping_status":"closed","template":"","meta":{"_acf_changed":false,"pgc_meta":"","footnotes":""},"class_list":["post-3188","page","type-page","status-publish","has-post-thumbnail","hentry"],"acf":[],"pgc_meta":"","yoast_head":"<!-- This site is optimized with the Yoast SEO plugin v24.5 - https:\/\/yoast.com\/wordpress\/plugins\/seo\/ -->\n<title>Der Verein - Association Diff\u00e9rences Solidaires<\/title>\n<meta name=\"robots\" content=\"index, follow, max-snippet:-1, max-image-preview:large, max-video-preview:-1\" \/>\n<link rel=\"canonical\" href=\"https:\/\/www.differences-solidaires.ch\/de\/der-verein\/\" \/>\n<meta property=\"og:locale\" content=\"de_DE\" \/>\n<meta property=\"og:type\" content=\"article\" \/>\n<meta property=\"og:title\" content=\"Der Verein - Association Diff\u00e9rences Solidaires\" \/>\n<meta property=\"og:description\" content=\"Der Verein Diff\u00e9rences Solidaires ist ein vom Kanton Freiburg als gemeinn\u00fctzig anerkannter Verein. Er wurde 2009 gegr\u00fcndet und unterst\u00fctzt Menschen&hellip;\" \/>\n<meta property=\"og:url\" content=\"https:\/\/www.differences-solidaires.ch\/de\/der-verein\/\" \/>\n<meta property=\"og:site_name\" content=\"Association Diff\u00e9rences Solidaires\" \/>\n<meta property=\"article:modified_time\" content=\"2022-03-09T21:31:06+00:00\" \/>\n<meta property=\"og:image\" content=\"https:\/\/www.differences-solidaires.ch\/wp-content\/uploads\/2018\/01\/Cimgo_blanc-1024x836.jpg\" \/>\n\t<meta property=\"og:image:width\" content=\"1024\" \/>\n\t<meta property=\"og:image:height\" content=\"836\" \/>\n\t<meta property=\"og:image:type\" content=\"image\/jpeg\" \/>\n<meta name=\"twitter:card\" content=\"summary_large_image\" \/>\n<meta name=\"twitter:label1\" content=\"Gesch\u00e4tzte Lesezeit\" \/>\n\t<meta name=\"twitter:data1\" content=\"2\u00a0Minuten\" \/>\n<script type=\"application\/ld+json\" class=\"yoast-schema-graph\">{\"@context\":\"https:\/\/schema.org\",\"@graph\":[{\"@type\":\"WebPage\",\"@id\":\"https:\/\/www.differences-solidaires.ch\/de\/der-verein\/\",\"url\":\"https:\/\/www.differences-solidaires.ch\/de\/der-verein\/\",\"name\":\"Der Verein - Association Diff\u00e9rences Solidaires\",\"isPartOf\":{\"@id\":\"https:\/\/www.differences-solidaires.ch\/de\/#website\"},\"primaryImageOfPage\":{\"@id\":\"https:\/\/www.differences-solidaires.ch\/de\/der-verein\/#primaryimage\"},\"image\":{\"@id\":\"https:\/\/www.differences-solidaires.ch\/de\/der-verein\/#primaryimage\"},\"thumbnailUrl\":\"https:\/\/www.differences-solidaires.ch\/wp-content\/uploads\/2024\/07\/DSF0651-scaled.jpg\",\"datePublished\":\"2021-03-19T14:40:27+00:00\",\"dateModified\":\"2022-03-09T21:31:06+00:00\",\"breadcrumb\":{\"@id\":\"https:\/\/www.differences-solidaires.ch\/de\/der-verein\/#breadcrumb\"},\"inLanguage\":\"de\",\"potentialAction\":[{\"@type\":\"ReadAction\",\"target\":[\"https:\/\/www.differences-solidaires.ch\/de\/der-verein\/\"]}]},{\"@type\":\"ImageObject\",\"inLanguage\":\"de\",\"@id\":\"https:\/\/www.differences-solidaires.ch\/de\/der-verein\/#primaryimage\",\"url\":\"https:\/\/www.differences-solidaires.ch\/wp-content\/uploads\/2024\/07\/DSF0651-scaled.jpg\",\"contentUrl\":\"https:\/\/www.differences-solidaires.ch\/wp-content\/uploads\/2024\/07\/DSF0651-scaled.jpg\",\"width\":2560,\"height\":1707},{\"@type\":\"BreadcrumbList\",\"@id\":\"https:\/\/www.differences-solidaires.ch\/de\/der-verein\/#breadcrumb\",\"itemListElement\":[{\"@type\":\"ListItem\",\"position\":1,\"name\":\"Accueil\",\"item\":\"https:\/\/www.differences-solidaires.ch\/de\/\"},{\"@type\":\"ListItem\",\"position\":2,\"name\":\"Der Verein\"}]},{\"@type\":\"WebSite\",\"@id\":\"https:\/\/www.differences-solidaires.ch\/de\/#website\",\"url\":\"https:\/\/www.differences-solidaires.ch\/de\/\",\"name\":\"Association Diff\u00e9rences Solidaires\",\"description\":\"Activit\u00e9s sportives adapt\u00e9es\",\"potentialAction\":[{\"@type\":\"SearchAction\",\"target\":{\"@type\":\"EntryPoint\",\"urlTemplate\":\"https:\/\/www.differences-solidaires.ch\/de\/?s={search_term_string}\"},\"query-input\":{\"@type\":\"PropertyValueSpecification\",\"valueRequired\":true,\"valueName\":\"search_term_string\"}}],\"inLanguage\":\"de\"}]}<\/script>\n<!-- \/ Yoast SEO plugin. -->","yoast_head_json":{"title":"Der Verein - Association Diff\u00e9rences Solidaires","robots":{"index":"index","follow":"follow","max-snippet":"max-snippet:-1","max-image-preview":"max-image-preview:large","max-video-preview":"max-video-preview:-1"},"canonical":"https:\/\/www.differences-solidaires.ch\/de\/der-verein\/","og_locale":"de_DE","og_type":"article","og_title":"Der Verein - Association Diff\u00e9rences Solidaires","og_description":"Der Verein Diff\u00e9rences Solidaires ist ein vom Kanton Freiburg als gemeinn\u00fctzig anerkannter Verein. Er wurde 2009 gegr\u00fcndet und unterst\u00fctzt Menschen&hellip;","og_url":"https:\/\/www.differences-solidaires.ch\/de\/der-verein\/","og_site_name":"Association Diff\u00e9rences Solidaires","article_modified_time":"2022-03-09T21:31:06+00:00","og_image":[{"width":1024,"height":836,"url":"https:\/\/www.differences-solidaires.ch\/wp-content\/uploads\/2018\/01\/Cimgo_blanc-1024x836.jpg","type":"image\/jpeg"}],"twitter_card":"summary_large_image","twitter_misc":{"Gesch\u00e4tzte Lesezeit":"2\u00a0Minuten"},"schema":{"@context":"https:\/\/schema.org","@graph":[{"@type":"WebPage","@id":"https:\/\/www.differences-solidaires.ch\/de\/der-verein\/","url":"https:\/\/www.differences-solidaires.ch\/de\/der-verein\/","name":"Der Verein - Association Diff\u00e9rences Solidaires","isPartOf":{"@id":"https:\/\/www.differences-solidaires.ch\/de\/#website"},"primaryImageOfPage":{"@id":"https:\/\/www.differences-solidaires.ch\/de\/der-verein\/#primaryimage"},"image":{"@id":"https:\/\/www.differences-solidaires.ch\/de\/der-verein\/#primaryimage"},"thumbnailUrl":"https:\/\/www.differences-solidaires.ch\/wp-content\/uploads\/2024\/07\/DSF0651-scaled.jpg","datePublished":"2021-03-19T14:40:27+00:00","dateModified":"2022-03-09T21:31:06+00:00","breadcrumb":{"@id":"https:\/\/www.differences-solidaires.ch\/de\/der-verein\/#breadcrumb"},"inLanguage":"de","potentialAction":[{"@type":"ReadAction","target":["https:\/\/www.differences-solidaires.ch\/de\/der-verein\/"]}]},{"@type":"ImageObject","inLanguage":"de","@id":"https:\/\/www.differences-solidaires.ch\/de\/der-verein\/#primaryimage","url":"https:\/\/www.differences-solidaires.ch\/wp-content\/uploads\/2024\/07\/DSF0651-scaled.jpg","contentUrl":"https:\/\/www.differences-solidaires.ch\/wp-content\/uploads\/2024\/07\/DSF0651-scaled.jpg","width":2560,"height":1707},{"@type":"BreadcrumbList","@id":"https:\/\/www.differences-solidaires.ch\/de\/der-verein\/#breadcrumb","itemListElement":[{"@type":"ListItem","position":1,"name":"Accueil","item":"https:\/\/www.differences-solidaires.ch\/de\/"},{"@type":"ListItem","position":2,"name":"Der Verein"}]},{"@type":"WebSite","@id":"https:\/\/www.differences-solidaires.ch\/de\/#website","url":"https:\/\/www.differences-solidaires.ch\/de\/","name":"Association Diff\u00e9rences Solidaires","description":"Activit\u00e9s sportives adapt\u00e9es","potentialAction":[{"@type":"SearchAction","target":{"@type":"EntryPoint","urlTemplate":"https:\/\/www.differences-solidaires.ch\/de\/?s={search_term_string}"},"query-input":{"@type":"PropertyValueSpecification","valueRequired":true,"valueName":"search_term_string"}}],"inLanguage":"de"}]}},"_links":{"self":[{"href":"https:\/\/www.differences-solidaires.ch\/de\/wp-json\/wp\/v2\/pages\/3188","targetHints":{"allow":["GET"]}}],"collection":[{"href":"https:\/\/www.differences-solidaires.ch\/de\/wp-json\/wp\/v2\/pages"}],"about":[{"href":"https:\/\/www.differences-solidaires.ch\/de\/wp-json\/wp\/v2\/types\/page"}],"author":[{"embeddable":true,"href":"https:\/\/www.differences-solidaires.ch\/de\/wp-json\/wp\/v2\/users\/20"}],"replies":[{"embeddable":true,"href":"https:\/\/www.differences-solidaires.ch\/de\/wp-json\/wp\/v2\/comments?post=3188"}],"version-history":[{"count":3,"href":"https:\/\/www.differences-solidaires.ch\/de\/wp-json\/wp\/v2\/pages\/3188\/revisions"}],"predecessor-version":[{"id":5737,"href":"https:\/\/www.differences-solidaires.ch\/de\/wp-json\/wp\/v2\/pages\/3188\/revisions\/5737"}],"wp:featuredmedia":[{"embeddable":true,"href":"https:\/\/www.differences-solidaires.ch\/de\/wp-json\/wp\/v2\/media\/7805"}],"wp:attachment":[{"href":"https:\/\/www.differences-solidaires.ch\/de\/wp-json\/wp\/v2\/media?parent=3188"}],"curies":[{"name":"wp","href":"https:\/\/api.w.org\/{rel}","templated":true}]}}